{"id":4007,"date":"2026-02-05T17:39:27","date_gmt":"2026-02-05T16:39:27","guid":{"rendered":"https:\/\/entresemillas.com\/blog\/?page_id=4007"},"modified":"2026-02-22T14:57:06","modified_gmt":"2026-02-22T13:57:06","slug":"inicio","status":"publish","type":"page","link":"https:\/\/entresemillas.com\/blog\/","title":{"rendered":"Blog EntreSemillas"},"content":{"rendered":"\n<div style=\"height:20px\" aria-hidden=\"true\" class=\"wp-block-spacer\"><\/div>\n\n\n<style>.kb-posts-id-4007_b03e93-65 .kb-post-list-item{display:grid;}<\/style><ul class=\"wp-block-kadence-posts kb-posts kadence-posts-list kb-posts-id-4007_b03e93-65 content-wrap grid-cols kb-posts-style-boxed grid-sm-col-2 grid-lg-col-3 item-image-style-above\"><li class=\"kb-post-list-item\">\n\t<article class=\"entry content-bg loop-entry post-4561 post type-post status-publish format-standard has-post-thumbnail hentry category-como-cultivar category-jardineria\">\n\t\t\t\t<a aria-hidden=\"true\" tabindex=\"-1\" role=\"presentation\" class=\"post-thumbnail kadence-thumbnail-ratio-1-1\" href=\"https:\/\/entresemillas.com\/blog\/8-cosas-que-hacer-con-el-jardin-al-terminar-el-verano\/\" aria-label=\"8 cosas que hacer con el jard\u00edn al terminar el verano\">\n\t\t\t<div class=\"post-thumbnail-inner\">\n\t\t\t\t<img loading=\"lazy\" decoding=\"async\" width=\"768\" height=\"768\" src=\"https:\/\/entresemillas.com\/blog\/wp-content\/uploads\/2026\/09\/8tareas-768x768.jpg\" class=\"attachment-medium_large size-medium_large wp-post-image\" alt=\"8 cosas que hacer con el jard\u00edn al terminar el verano\" srcset=\"https:\/\/entresemillas.com\/blog\/wp-content\/uploads\/2026\/09\/8tareas-768x768.jpg 768w, https:\/\/entresemillas.com\/blog\/wp-content\/uploads\/2026\/09\/8tareas-300x300.jpg 300w, https:\/\/entresemillas.com\/blog\/wp-content\/uploads\/2026\/09\/8tareas-150x150.jpg 150w, https:\/\/entresemillas.com\/blog\/wp-content\/uploads\/2026\/09\/8tareas.jpg 1000w\" sizes=\"auto, (max-width: 768px) 100vw, 768px\" \/>\t\t\t<\/div>\n\t\t<\/a><!-- .post-thumbnail -->\n\t\t\t\t<div class=\"entry-content-wrap\">\n\t\t\t<header class=\"entry-header\">\n\t<h2 class=\"entry-title\"><a href=\"https:\/\/entresemillas.com\/blog\/8-cosas-que-hacer-con-el-jardin-al-terminar-el-verano\/\" rel=\"bookmark\">8 cosas que hacer con el jard\u00edn al terminar el verano<\/a><\/h2>\t<div class=\"entry-meta entry-meta-divider-dot\">\n\t\t\t\t<span class=\"posted-on\">\n\t\t\t\t<time class=\"entry-date published updated\" datetime=\"2026-09-01T22:04:47+02:00\">1 septiembre, 2026<\/time>\t\t\t<\/span>\n\t\t\t\t<\/div><!-- .entry-meta -->\n\t<\/header><!-- .entry-header -->\n\t<div class=\"entry-summary\">\n\t\t<p>El final del verano puede dar la sensaci\u00f3n de que el jard\u00edn pide una puesta a punto completa. Hay hojas [&hellip;]<\/p>\n\t<\/div><!-- .entry-summary -->\n\t<footer class=\"entry-footer\">\n\t<\/footer><!-- .entry-footer -->\t\t<\/div>\n\t<\/article>\n<\/li>\n<li class=\"kb-post-list-item\">\n\t<article class=\"entry content-bg loop-entry post-4550 post type-post status-publish format-standard has-post-thumbnail hentry category-guias-de-siembra-y-cultivo\">\n\t\t\t\t<a aria-hidden=\"true\" tabindex=\"-1\" role=\"presentation\" class=\"post-thumbnail kadence-thumbnail-ratio-1-1\" href=\"https:\/\/entresemillas.com\/blog\/como-cultivar-passiflora-desde-semilla-germinacion-cuidados-y-floracion\/\" aria-label=\"C\u00f3mo cultivar Passiflora desde semilla: germinaci\u00f3n, cuidados y floraci\u00f3n\">\n\t\t\t<div class=\"post-thumbnail-inner\">\n\t\t\t\t<img loading=\"lazy\" decoding=\"async\" width=\"768\" height=\"768\" src=\"https:\/\/entresemillas.com\/blog\/wp-content\/uploads\/2026\/08\/guia-siembra-de-semillas-de-passiflora-768x768.jpg\" class=\"attachment-medium_large size-medium_large wp-post-image\" alt=\"guia de siembra de semillas de passiflora\" srcset=\"https:\/\/entresemillas.com\/blog\/wp-content\/uploads\/2026\/08\/guia-siembra-de-semillas-de-passiflora-768x768.jpg 768w, https:\/\/entresemillas.com\/blog\/wp-content\/uploads\/2026\/08\/guia-siembra-de-semillas-de-passiflora-300x300.jpg 300w, https:\/\/entresemillas.com\/blog\/wp-content\/uploads\/2026\/08\/guia-siembra-de-semillas-de-passiflora-150x150.jpg 150w, https:\/\/entresemillas.com\/blog\/wp-content\/uploads\/2026\/08\/guia-siembra-de-semillas-de-passiflora.jpg 1000w\" sizes=\"auto, (max-width: 768px) 100vw, 768px\" \/>\t\t\t<\/div>\n\t\t<\/a><!-- .post-thumbnail -->\n\t\t\t\t<div class=\"entry-content-wrap\">\n\t\t\t<header class=\"entry-header\">\n\t<h2 class=\"entry-title\"><a href=\"https:\/\/entresemillas.com\/blog\/como-cultivar-passiflora-desde-semilla-germinacion-cuidados-y-floracion\/\" rel=\"bookmark\">C\u00f3mo cultivar Passiflora desde semilla: germinaci\u00f3n, cuidados y floraci\u00f3n<\/a><\/h2>\t<div class=\"entry-meta entry-meta-divider-dot\">\n\t\t\t\t<span class=\"posted-on\">\n\t\t\t\t<time class=\"entry-date published\" datetime=\"2026-08-28T11:01:14+02:00\">28 agosto, 2026<\/time><time class=\"updated\" datetime=\"2026-08-28T11:22:19+02:00\">28 agosto, 2026<\/time>\t\t\t<\/span>\n\t\t\t\t<\/div><!-- .entry-meta -->\n\t<\/header><!-- .entry-header -->\n\t<div class=\"entry-summary\">\n\t\t<p>Las Passiflora, conocidas como pasionarias o flores de la pasi\u00f3n, forman un amplio g\u00e9nero de plantas trepadoras conocido por sus [&hellip;]<\/p>\n\t<\/div><!-- .entry-summary -->\n\t<footer class=\"entry-footer\">\n\t<\/footer><!-- .entry-footer -->\t\t<\/div>\n\t<\/article>\n<\/li>\n<li class=\"kb-post-list-item\">\n\t<article class=\"entry content-bg loop-entry post-4543 post type-post status-publish format-standard has-post-thumbnail hentry category-uncategorized\">\n\t\t\t\t<a aria-hidden=\"true\" tabindex=\"-1\" role=\"presentation\" class=\"post-thumbnail kadence-thumbnail-ratio-1-1\" href=\"https:\/\/entresemillas.com\/blog\/todo-esto-comienza-cuando-llega-el-agua\/\" aria-label=\"\u00bfC\u00f3mo despierta una semilla tan r\u00e1pido despu\u00e9s de pasar a\u00f1os seca?\">\n\t\t\t<div class=\"post-thumbnail-inner\">\n\t\t\t\t<img loading=\"lazy\" decoding=\"async\" width=\"768\" height=\"768\" src=\"https:\/\/entresemillas.com\/blog\/wp-content\/uploads\/2026\/08\/como-se-activa-una-semilla-768x768.jpg\" class=\"attachment-medium_large size-medium_large wp-post-image\" alt=\"como se activa una semillas despues de a\u00f1os seca\" srcset=\"https:\/\/entresemillas.com\/blog\/wp-content\/uploads\/2026\/08\/como-se-activa-una-semilla-768x768.jpg 768w, https:\/\/entresemillas.com\/blog\/wp-content\/uploads\/2026\/08\/como-se-activa-una-semilla-300x300.jpg 300w, https:\/\/entresemillas.com\/blog\/wp-content\/uploads\/2026\/08\/como-se-activa-una-semilla-150x150.jpg 150w, https:\/\/entresemillas.com\/blog\/wp-content\/uploads\/2026\/08\/como-se-activa-una-semilla.jpg 1000w\" sizes=\"auto, (max-width: 768px) 100vw, 768px\" \/>\t\t\t<\/div>\n\t\t<\/a><!-- .post-thumbnail -->\n\t\t\t\t<div class=\"entry-content-wrap\">\n\t\t\t<header class=\"entry-header\">\n\t<h2 class=\"entry-title\"><a href=\"https:\/\/entresemillas.com\/blog\/todo-esto-comienza-cuando-llega-el-agua\/\" rel=\"bookmark\">\u00bfC\u00f3mo despierta una semilla tan r\u00e1pido despu\u00e9s de pasar a\u00f1os seca?<\/a><\/h2>\t<div class=\"entry-meta entry-meta-divider-dot\">\n\t\t\t\t<span class=\"posted-on\">\n\t\t\t\t<time class=\"entry-date published\" datetime=\"2026-08-24T22:32:00+02:00\">24 agosto, 2026<\/time><time class=\"updated\" datetime=\"2026-08-24T22:37:22+02:00\">24 agosto, 2026<\/time>\t\t\t<\/span>\n\t\t\t\t<\/div><!-- .entry-meta -->\n\t<\/header><!-- .entry-header -->\n\t<div class=\"entry-summary\">\n\t\t<p>Una semilla puede pasar meses, a\u00f1os e incluso d\u00e9cadas aparentemente sin hacer nada. Est\u00e1 seca, apenas muestra actividad metab\u00f3lica y [&hellip;]<\/p>\n\t<\/div><!-- .entry-summary -->\n\t<footer class=\"entry-footer\">\n\t<\/footer><!-- .entry-footer -->\t\t<\/div>\n\t<\/article>\n<\/li>\n<li class=\"kb-post-list-item\">\n\t<article class=\"entry content-bg loop-entry post-4535 post type-post status-publish format-standard has-post-thumbnail hentry category-guias-de-siembra-y-cultivo\">\n\t\t\t\t<a aria-hidden=\"true\" tabindex=\"-1\" role=\"presentation\" class=\"post-thumbnail kadence-thumbnail-ratio-1-1\" href=\"https:\/\/entresemillas.com\/blog\/como-cultivar-zinnias-desde-semilla-siembra-cuidados-y-floracion\/\" aria-label=\"C\u00f3mo cultivar zinnias desde semilla: siembra, cuidados y floraci\u00f3n\">\n\t\t\t<div class=\"post-thumbnail-inner\">\n\t\t\t\t<img loading=\"lazy\" decoding=\"async\" width=\"768\" height=\"768\" src=\"https:\/\/entresemillas.com\/blog\/wp-content\/uploads\/2026\/08\/guia-siembra-zinnia-768x768.jpg\" class=\"attachment-medium_large size-medium_large wp-post-image\" alt=\"guia de siembra de semillas de zinnia\" srcset=\"https:\/\/entresemillas.com\/blog\/wp-content\/uploads\/2026\/08\/guia-siembra-zinnia-768x768.jpg 768w, https:\/\/entresemillas.com\/blog\/wp-content\/uploads\/2026\/08\/guia-siembra-zinnia-300x300.jpg 300w, https:\/\/entresemillas.com\/blog\/wp-content\/uploads\/2026\/08\/guia-siembra-zinnia-150x150.jpg 150w, https:\/\/entresemillas.com\/blog\/wp-content\/uploads\/2026\/08\/guia-siembra-zinnia.jpg 1000w\" sizes=\"auto, (max-width: 768px) 100vw, 768px\" \/>\t\t\t<\/div>\n\t\t<\/a><!-- .post-thumbnail -->\n\t\t\t\t<div class=\"entry-content-wrap\">\n\t\t\t<header class=\"entry-header\">\n\t<h2 class=\"entry-title\"><a href=\"https:\/\/entresemillas.com\/blog\/como-cultivar-zinnias-desde-semilla-siembra-cuidados-y-floracion\/\" rel=\"bookmark\">C\u00f3mo cultivar zinnias desde semilla: siembra, cuidados y floraci\u00f3n<\/a><\/h2>\t<div class=\"entry-meta entry-meta-divider-dot\">\n\t\t\t\t<span class=\"posted-on\">\n\t\t\t\t<time class=\"entry-date published\" datetime=\"2026-08-20T14:26:23+02:00\">20 agosto, 2026<\/time><time class=\"updated\" datetime=\"2026-08-20T14:26:24+02:00\">20 agosto, 2026<\/time>\t\t\t<\/span>\n\t\t\t\t<\/div><!-- .entry-meta -->\n\t<\/header><!-- .entry-header -->\n\t<div class=\"entry-summary\">\n\t\t<p>Las zinnias (Zinnia spp.) son plantas anuales conocidas por su extraordinaria variedad de colores, formas y tama\u00f1os. Desde variedades compactas [&hellip;]<\/p>\n\t<\/div><!-- .entry-summary -->\n\t<footer class=\"entry-footer\">\n\t<\/footer><!-- .entry-footer -->\t\t<\/div>\n\t<\/article>\n<\/li>\n<li class=\"kb-post-list-item\">\n\t<article class=\"entry content-bg loop-entry post-4531 post type-post status-publish format-standard has-post-thumbnail hentry category-curiosidades category-noticias\">\n\t\t\t\t<a aria-hidden=\"true\" tabindex=\"-1\" role=\"presentation\" class=\"post-thumbnail kadence-thumbnail-ratio-1-1\" href=\"https:\/\/entresemillas.com\/blog\/las-semillas-tienen-su-propio-microbioma-y-cambia-mientras-envejecen\/\" aria-label=\"Las semillas tienen su propio microbioma\u2026 y cambia mientras envejecen\">\n\t\t\t<div class=\"post-thumbnail-inner\">\n\t\t\t\t<img loading=\"lazy\" decoding=\"async\" width=\"768\" height=\"768\" src=\"https:\/\/entresemillas.com\/blog\/wp-content\/uploads\/2026\/08\/microbioma-de-semilla-768x768.jpg\" class=\"attachment-medium_large size-medium_large wp-post-image\" alt=\"semillas con microbioma\" srcset=\"https:\/\/entresemillas.com\/blog\/wp-content\/uploads\/2026\/08\/microbioma-de-semilla-768x768.jpg 768w, https:\/\/entresemillas.com\/blog\/wp-content\/uploads\/2026\/08\/microbioma-de-semilla-300x300.jpg 300w, https:\/\/entresemillas.com\/blog\/wp-content\/uploads\/2026\/08\/microbioma-de-semilla-150x150.jpg 150w, https:\/\/entresemillas.com\/blog\/wp-content\/uploads\/2026\/08\/microbioma-de-semilla.jpg 1000w\" sizes=\"auto, (max-width: 768px) 100vw, 768px\" \/>\t\t\t<\/div>\n\t\t<\/a><!-- .post-thumbnail -->\n\t\t\t\t<div class=\"entry-content-wrap\">\n\t\t\t<header class=\"entry-header\">\n\t<h2 class=\"entry-title\"><a href=\"https:\/\/entresemillas.com\/blog\/las-semillas-tienen-su-propio-microbioma-y-cambia-mientras-envejecen\/\" rel=\"bookmark\">Las semillas tienen su propio microbioma\u2026 y cambia mientras envejecen<\/a><\/h2>\t<div class=\"entry-meta entry-meta-divider-dot\">\n\t\t\t\t<span class=\"posted-on\">\n\t\t\t\t<time class=\"entry-date published\" datetime=\"2026-08-19T13:53:03+02:00\">19 agosto, 2026<\/time><time class=\"updated\" datetime=\"2026-08-19T13:53:04+02:00\">19 agosto, 2026<\/time>\t\t\t<\/span>\n\t\t\t\t<\/div><!-- .entry-meta -->\n\t<\/header><!-- .entry-header -->\n\t<div class=\"entry-summary\">\n\t\t<p>Cuando guardamos un sobre de semillas durante varios a\u00f1os solemos pensar que dentro solo ocurre una cosa: las semillas van [&hellip;]<\/p>\n\t<\/div><!-- .entry-summary -->\n\t<footer class=\"entry-footer\">\n\t<\/footer><!-- .entry-footer -->\t\t<\/div>\n\t<\/article>\n<\/li>\n<li class=\"kb-post-list-item\">\n\t<article class=\"entry content-bg loop-entry post-4523 post type-post status-publish format-standard has-post-thumbnail hentry category-guias-de-siembra-y-cultivo\">\n\t\t\t\t<a aria-hidden=\"true\" tabindex=\"-1\" role=\"presentation\" class=\"post-thumbnail kadence-thumbnail-ratio-1-1\" href=\"https:\/\/entresemillas.com\/blog\/como-cultivar-cosmos-desde-semilla-paso-a-paso\/\" aria-label=\"C\u00f3mo cultivar cosmos desde semilla paso a paso\">\n\t\t\t<div class=\"post-thumbnail-inner\">\n\t\t\t\t<img loading=\"lazy\" decoding=\"async\" width=\"768\" height=\"768\" src=\"https:\/\/entresemillas.com\/blog\/wp-content\/uploads\/2026\/08\/guia-siembra-semillas-cosmos-768x768.jpg\" class=\"attachment-medium_large size-medium_large wp-post-image\" alt=\"guia de siembra de semillas de cosmos\" srcset=\"https:\/\/entresemillas.com\/blog\/wp-content\/uploads\/2026\/08\/guia-siembra-semillas-cosmos-768x768.jpg 768w, https:\/\/entresemillas.com\/blog\/wp-content\/uploads\/2026\/08\/guia-siembra-semillas-cosmos-300x300.jpg 300w, https:\/\/entresemillas.com\/blog\/wp-content\/uploads\/2026\/08\/guia-siembra-semillas-cosmos-150x150.jpg 150w, https:\/\/entresemillas.com\/blog\/wp-content\/uploads\/2026\/08\/guia-siembra-semillas-cosmos.jpg 1000w\" sizes=\"auto, (max-width: 768px) 100vw, 768px\" \/>\t\t\t<\/div>\n\t\t<\/a><!-- .post-thumbnail -->\n\t\t\t\t<div class=\"entry-content-wrap\">\n\t\t\t<header class=\"entry-header\">\n\t<h2 class=\"entry-title\"><a href=\"https:\/\/entresemillas.com\/blog\/como-cultivar-cosmos-desde-semilla-paso-a-paso\/\" rel=\"bookmark\">C\u00f3mo cultivar cosmos desde semilla paso a paso<\/a><\/h2>\t<div class=\"entry-meta entry-meta-divider-dot\">\n\t\t\t\t<span class=\"posted-on\">\n\t\t\t\t<time class=\"entry-date published\" datetime=\"2026-08-05T13:44:52+02:00\">5 agosto, 2026<\/time><time class=\"updated\" datetime=\"2026-08-05T13:44:53+02:00\">5 agosto, 2026<\/time>\t\t\t<\/span>\n\t\t\t\t<\/div><!-- .entry-meta -->\n\t<\/header><!-- .entry-header -->\n\t<div class=\"entry-summary\">\n\t\t<p>Los cosmos (Cosmos bipinnatus, Cosmos sulphureus y otras especies del g\u00e9nero Cosmos) son plantas anuales muy apreciadas por su floraci\u00f3n [&hellip;]<\/p>\n\t<\/div><!-- .entry-summary -->\n\t<footer class=\"entry-footer\">\n\t<\/footer><!-- .entry-footer -->\t\t<\/div>\n\t<\/article>\n<\/li>\n<li class=\"kb-post-list-item\">\n\t<article class=\"entry content-bg loop-entry post-4519 post type-post status-publish format-standard has-post-thumbnail hentry category-curiosidades category-plantas-curiosidades\">\n\t\t\t\t<a aria-hidden=\"true\" tabindex=\"-1\" role=\"presentation\" class=\"post-thumbnail kadence-thumbnail-ratio-1-1\" href=\"https:\/\/entresemillas.com\/blog\/el-tomate-ya-tenia-antepasados-cuando-aun-caminaban-los-dinosaurios\/\" aria-label=\"El tomate ya ten\u00eda antepasados cuando a\u00fan caminaban los dinosaurios\">\n\t\t\t<div class=\"post-thumbnail-inner\">\n\t\t\t\t<img loading=\"lazy\" decoding=\"async\" width=\"768\" height=\"768\" src=\"https:\/\/entresemillas.com\/blog\/wp-content\/uploads\/2026\/08\/la-historia-del-tomate-768x768.jpg\" class=\"attachment-medium_large size-medium_large wp-post-image\" alt=\"la historia del tomate comienza entre dinosaurios\" srcset=\"https:\/\/entresemillas.com\/blog\/wp-content\/uploads\/2026\/08\/la-historia-del-tomate-768x768.jpg 768w, https:\/\/entresemillas.com\/blog\/wp-content\/uploads\/2026\/08\/la-historia-del-tomate-300x300.jpg 300w, https:\/\/entresemillas.com\/blog\/wp-content\/uploads\/2026\/08\/la-historia-del-tomate-150x150.jpg 150w, https:\/\/entresemillas.com\/blog\/wp-content\/uploads\/2026\/08\/la-historia-del-tomate.jpg 1000w\" sizes=\"auto, (max-width: 768px) 100vw, 768px\" \/>\t\t\t<\/div>\n\t\t<\/a><!-- .post-thumbnail -->\n\t\t\t\t<div class=\"entry-content-wrap\">\n\t\t\t<header class=\"entry-header\">\n\t<h2 class=\"entry-title\"><a href=\"https:\/\/entresemillas.com\/blog\/el-tomate-ya-tenia-antepasados-cuando-aun-caminaban-los-dinosaurios\/\" rel=\"bookmark\">El tomate ya ten\u00eda antepasados cuando a\u00fan caminaban los dinosaurios<\/a><\/h2>\t<div class=\"entry-meta entry-meta-divider-dot\">\n\t\t\t\t<span class=\"posted-on\">\n\t\t\t\t<time class=\"entry-date published\" datetime=\"2026-08-05T12:15:02+02:00\">5 agosto, 2026<\/time><time class=\"updated\" datetime=\"2026-08-05T13:45:25+02:00\">5 agosto, 2026<\/time>\t\t\t<\/span>\n\t\t\t\t<\/div><!-- .entry-meta -->\n\t<\/header><!-- .entry-header -->\n\t<div class=\"entry-summary\">\n\t\t<p>Cuando pensamos en un tomate, probablemente lo \u00faltimo que imaginamos es un dinosaurio. Sin embargo, una investigaci\u00f3n reciente sobre la [&hellip;]<\/p>\n\t<\/div><!-- .entry-summary -->\n\t<footer class=\"entry-footer\">\n\t<\/footer><!-- .entry-footer -->\t\t<\/div>\n\t<\/article>\n<\/li>\n<li class=\"kb-post-list-item\">\n\t<article class=\"entry content-bg loop-entry post-4509 post type-post status-publish format-standard has-post-thumbnail hentry category-guias-de-siembra-y-cultivo\">\n\t\t\t\t<a aria-hidden=\"true\" tabindex=\"-1\" role=\"presentation\" class=\"post-thumbnail kadence-thumbnail-ratio-1-1\" href=\"https:\/\/entresemillas.com\/blog\/como-cultivar-margaritas-desde-semilla\/\" aria-label=\"C\u00f3mo cultivar Margaritas desde semilla\">\n\t\t\t<div class=\"post-thumbnail-inner\">\n\t\t\t\t<img loading=\"lazy\" decoding=\"async\" width=\"768\" height=\"768\" src=\"https:\/\/entresemillas.com\/blog\/wp-content\/uploads\/2026\/07\/como-sembrar-semillas-margaritas-768x768.jpg\" class=\"attachment-medium_large size-medium_large wp-post-image\" alt=\"como sembrar semillas de margaritas\" srcset=\"https:\/\/entresemillas.com\/blog\/wp-content\/uploads\/2026\/07\/como-sembrar-semillas-margaritas-768x768.jpg 768w, https:\/\/entresemillas.com\/blog\/wp-content\/uploads\/2026\/07\/como-sembrar-semillas-margaritas-300x300.jpg 300w, https:\/\/entresemillas.com\/blog\/wp-content\/uploads\/2026\/07\/como-sembrar-semillas-margaritas-150x150.jpg 150w, https:\/\/entresemillas.com\/blog\/wp-content\/uploads\/2026\/07\/como-sembrar-semillas-margaritas.jpg 1000w\" sizes=\"auto, (max-width: 768px) 100vw, 768px\" \/>\t\t\t<\/div>\n\t\t<\/a><!-- .post-thumbnail -->\n\t\t\t\t<div class=\"entry-content-wrap\">\n\t\t\t<header class=\"entry-header\">\n\t<h2 class=\"entry-title\"><a href=\"https:\/\/entresemillas.com\/blog\/como-cultivar-margaritas-desde-semilla\/\" rel=\"bookmark\">C\u00f3mo cultivar Margaritas desde semilla<\/a><\/h2>\t<div class=\"entry-meta entry-meta-divider-dot\">\n\t\t\t\t<span class=\"posted-on\">\n\t\t\t\t<time class=\"entry-date published\" datetime=\"2026-07-21T22:18:11+02:00\">21 julio, 2026<\/time><time class=\"updated\" datetime=\"2026-07-21T22:18:12+02:00\">21 julio, 2026<\/time>\t\t\t<\/span>\n\t\t\t\t<\/div><!-- .entry-meta -->\n\t<\/header><!-- .entry-header -->\n\t<div class=\"entry-summary\">\n\t\t<p>La margarita com\u00fan (Leucanthemum vulgare) es una planta herb\u00e1cea perenne muy apreciada por la sencillez y elegancia de sus flores. [&hellip;]<\/p>\n\t<\/div><!-- .entry-summary -->\n\t<footer class=\"entry-footer\">\n\t<\/footer><!-- .entry-footer -->\t\t<\/div>\n\t<\/article>\n<\/li>\n<li class=\"kb-post-list-item\">\n\t<article class=\"entry content-bg loop-entry post-4506 post type-post status-publish format-standard has-post-thumbnail hentry category-uncategorized\">\n\t\t\t\t<a aria-hidden=\"true\" tabindex=\"-1\" role=\"presentation\" class=\"post-thumbnail kadence-thumbnail-ratio-1-1\" href=\"https:\/\/entresemillas.com\/blog\/el-increible-viaje-de-las-semillas-despues-de-400-anos-todavia-no-sabemos-como-se-dispersan-muchas-plantas\/\" aria-label=\"El incre\u00edble viaje de las semillas. Despu\u00e9s de 400 a\u00f1os todav\u00eda no sabemos c\u00f3mo se dispersan muchas plantas\">\n\t\t\t<div class=\"post-thumbnail-inner\">\n\t\t\t\t<img loading=\"lazy\" decoding=\"async\" width=\"768\" height=\"768\" src=\"https:\/\/entresemillas.com\/blog\/wp-content\/uploads\/2026\/07\/el-increible-viaje-de-las-semillas-768x768.jpg\" class=\"attachment-medium_large size-medium_large wp-post-image\" alt=\"semilla viajando\" srcset=\"https:\/\/entresemillas.com\/blog\/wp-content\/uploads\/2026\/07\/el-increible-viaje-de-las-semillas-768x768.jpg 768w, https:\/\/entresemillas.com\/blog\/wp-content\/uploads\/2026\/07\/el-increible-viaje-de-las-semillas-300x300.jpg 300w, https:\/\/entresemillas.com\/blog\/wp-content\/uploads\/2026\/07\/el-increible-viaje-de-las-semillas-150x150.jpg 150w, https:\/\/entresemillas.com\/blog\/wp-content\/uploads\/2026\/07\/el-increible-viaje-de-las-semillas.jpg 1000w\" sizes=\"auto, (max-width: 768px) 100vw, 768px\" \/>\t\t\t<\/div>\n\t\t<\/a><!-- .post-thumbnail -->\n\t\t\t\t<div class=\"entry-content-wrap\">\n\t\t\t<header class=\"entry-header\">\n\t<h2 class=\"entry-title\"><a href=\"https:\/\/entresemillas.com\/blog\/el-increible-viaje-de-las-semillas-despues-de-400-anos-todavia-no-sabemos-como-se-dispersan-muchas-plantas\/\" rel=\"bookmark\">El incre\u00edble viaje de las semillas. Despu\u00e9s de 400 a\u00f1os todav\u00eda no sabemos c\u00f3mo se dispersan muchas plantas<\/a><\/h2>\t<div class=\"entry-meta entry-meta-divider-dot\">\n\t\t\t\t<span class=\"posted-on\">\n\t\t\t\t<time class=\"entry-date published updated\" datetime=\"2026-07-14T18:19:11+02:00\">14 julio, 2026<\/time>\t\t\t<\/span>\n\t\t\t\t<\/div><!-- .entry-meta -->\n\t<\/header><!-- .entry-header -->\n\t<div class=\"entry-summary\">\n\t\t<p>Cuando pensamos en una semilla solemos imaginar que simplemente cae al suelo y, con un poco de suerte, germina. Pero [&hellip;]<\/p>\n\t<\/div><!-- .entry-summary -->\n\t<footer class=\"entry-footer\">\n\t<\/footer><!-- .entry-footer -->\t\t<\/div>\n\t<\/article>\n<\/li>\n<li class=\"kb-post-list-item\">\n\t<article class=\"entry content-bg loop-entry post-4500 post type-post status-publish format-standard has-post-thumbnail hentry category-noticias\">\n\t\t\t\t<a aria-hidden=\"true\" tabindex=\"-1\" role=\"presentation\" class=\"post-thumbnail kadence-thumbnail-ratio-1-1\" href=\"https:\/\/entresemillas.com\/blog\/un-antiguo-campo-agricola-vuelve-a-florecer-sin-sembrar-semillas\/\" aria-label=\"Un antiguo campo agr\u00edcola vuelve a florecer sin sembrar semillas\">\n\t\t\t<div class=\"post-thumbnail-inner\">\n\t\t\t\t<img loading=\"lazy\" decoding=\"async\" width=\"768\" height=\"768\" src=\"https:\/\/entresemillas.com\/blog\/wp-content\/uploads\/2026\/07\/florecer-sin-semillas-768x768.jpg\" class=\"attachment-medium_large size-medium_large wp-post-image\" alt=\"campo florece sin semillas\" srcset=\"https:\/\/entresemillas.com\/blog\/wp-content\/uploads\/2026\/07\/florecer-sin-semillas-768x768.jpg 768w, https:\/\/entresemillas.com\/blog\/wp-content\/uploads\/2026\/07\/florecer-sin-semillas-300x300.jpg 300w, https:\/\/entresemillas.com\/blog\/wp-content\/uploads\/2026\/07\/florecer-sin-semillas-150x150.jpg 150w, https:\/\/entresemillas.com\/blog\/wp-content\/uploads\/2026\/07\/florecer-sin-semillas.jpg 1000w\" sizes=\"auto, (max-width: 768px) 100vw, 768px\" \/>\t\t\t<\/div>\n\t\t<\/a><!-- .post-thumbnail -->\n\t\t\t\t<div class=\"entry-content-wrap\">\n\t\t\t<header class=\"entry-header\">\n\t<h2 class=\"entry-title\"><a href=\"https:\/\/entresemillas.com\/blog\/un-antiguo-campo-agricola-vuelve-a-florecer-sin-sembrar-semillas\/\" rel=\"bookmark\">Un antiguo campo agr\u00edcola vuelve a florecer sin sembrar semillas<\/a><\/h2>\t<div class=\"entry-meta entry-meta-divider-dot\">\n\t\t\t\t<span class=\"posted-on\">\n\t\t\t\t<time class=\"entry-date published\" datetime=\"2026-07-12T17:32:46+02:00\">12 julio, 2026<\/time><time class=\"updated\" datetime=\"2026-07-12T17:32:47+02:00\">12 julio, 2026<\/time>\t\t\t<\/span>\n\t\t\t\t<\/div><!-- .entry-meta -->\n\t<\/header><!-- .entry-header -->\n\t<div class=\"entry-summary\">\n\t\t<p>\u00bfPuede un terreno agr\u00edcola intensamente cultivado recuperar por s\u00ed solo una pradera llena de flores silvestres? Un estudio publicado en [&hellip;]<\/p>\n\t<\/div><!-- .entry-summary -->\n\t<footer class=\"entry-footer\">\n\t<\/footer><!-- .entry-footer -->\t\t<\/div>\n\t<\/article>\n<\/li>\n<li class=\"kb-post-list-item\">\n\t<article class=\"entry content-bg loop-entry post-4489 post type-post status-publish format-standard has-post-thumbnail hentry category-uncategorized\">\n\t\t\t\t<a aria-hidden=\"true\" tabindex=\"-1\" role=\"presentation\" class=\"post-thumbnail kadence-thumbnail-ratio-1-1\" href=\"https:\/\/entresemillas.com\/blog\/como-cultivar-mimosa-pudica-desde-semilla-paso-a-paso\/\" aria-label=\"C\u00f3mo cultivar Mimosa pudica desde semilla paso a paso\">\n\t\t\t<div class=\"post-thumbnail-inner\">\n\t\t\t\t<img loading=\"lazy\" decoding=\"async\" width=\"768\" height=\"768\" src=\"https:\/\/entresemillas.com\/blog\/wp-content\/uploads\/2026\/06\/guia-siembra-semillas-de-mimosa-pudica-768x768.jpg\" class=\"attachment-medium_large size-medium_large wp-post-image\" alt=\"guia de siembra de semillas de mimosa pudica\" srcset=\"https:\/\/entresemillas.com\/blog\/wp-content\/uploads\/2026\/06\/guia-siembra-semillas-de-mimosa-pudica-768x768.jpg 768w, https:\/\/entresemillas.com\/blog\/wp-content\/uploads\/2026\/06\/guia-siembra-semillas-de-mimosa-pudica-300x300.jpg 300w, https:\/\/entresemillas.com\/blog\/wp-content\/uploads\/2026\/06\/guia-siembra-semillas-de-mimosa-pudica-150x150.jpg 150w, https:\/\/entresemillas.com\/blog\/wp-content\/uploads\/2026\/06\/guia-siembra-semillas-de-mimosa-pudica.jpg 1000w\" sizes=\"auto, (max-width: 768px) 100vw, 768px\" \/>\t\t\t<\/div>\n\t\t<\/a><!-- .post-thumbnail -->\n\t\t\t\t<div class=\"entry-content-wrap\">\n\t\t\t<header class=\"entry-header\">\n\t<h2 class=\"entry-title\"><a href=\"https:\/\/entresemillas.com\/blog\/como-cultivar-mimosa-pudica-desde-semilla-paso-a-paso\/\" rel=\"bookmark\">C\u00f3mo cultivar Mimosa pudica desde semilla paso a paso<\/a><\/h2>\t<div class=\"entry-meta entry-meta-divider-dot\">\n\t\t\t\t<span class=\"posted-on\">\n\t\t\t\t<time class=\"entry-date published\" datetime=\"2026-06-26T19:55:29+02:00\">26 junio, 2026<\/time><time class=\"updated\" datetime=\"2026-06-26T19:55:59+02:00\">26 junio, 2026<\/time>\t\t\t<\/span>\n\t\t\t\t<\/div><!-- .entry-meta -->\n\t<\/header><!-- .entry-header -->\n\t<div class=\"entry-summary\">\n\t\t<p>La Mimosa pudica, conocida como mimosa sensitiva, planta sensitiva o dormilona, es una planta herb\u00e1cea tropical famosa por la curiosa [&hellip;]<\/p>\n\t<\/div><!-- .entry-summary -->\n\t<footer class=\"entry-footer\">\n\t<\/footer><!-- .entry-footer -->\t\t<\/div>\n\t<\/article>\n<\/li>\n<li class=\"kb-post-list-item\">\n\t<article class=\"entry content-bg loop-entry post-4479 post type-post status-publish format-standard has-post-thumbnail hentry category-noticias\">\n\t\t\t\t<a aria-hidden=\"true\" tabindex=\"-1\" role=\"presentation\" class=\"post-thumbnail kadence-thumbnail-ratio-1-1\" href=\"https:\/\/entresemillas.com\/blog\/que-son-las-semillas-editadas-con-crispr-la-nueva-revolucion-genetica-que-ya-avanza-en-europa\/\" aria-label=\"\u00bfQu\u00e9 son las semillas editadas con CRISPR? La nueva revoluci\u00f3n gen\u00e9tica que ya avanza en Europa\">\n\t\t\t<div class=\"post-thumbnail-inner\">\n\t\t\t\t<img loading=\"lazy\" decoding=\"async\" width=\"768\" height=\"768\" src=\"https:\/\/entresemillas.com\/blog\/wp-content\/uploads\/2026\/06\/semillas-editadas-con-CRISPR-768x768.jpg\" class=\"attachment-medium_large size-medium_large wp-post-image\" alt=\"semillas editadas con CRISPR\" srcset=\"https:\/\/entresemillas.com\/blog\/wp-content\/uploads\/2026\/06\/semillas-editadas-con-CRISPR-768x768.jpg 768w, https:\/\/entresemillas.com\/blog\/wp-content\/uploads\/2026\/06\/semillas-editadas-con-CRISPR-300x300.jpg 300w, https:\/\/entresemillas.com\/blog\/wp-content\/uploads\/2026\/06\/semillas-editadas-con-CRISPR-150x150.jpg 150w, https:\/\/entresemillas.com\/blog\/wp-content\/uploads\/2026\/06\/semillas-editadas-con-CRISPR.jpg 1000w\" sizes=\"auto, (max-width: 768px) 100vw, 768px\" \/>\t\t\t<\/div>\n\t\t<\/a><!-- .post-thumbnail -->\n\t\t\t\t<div class=\"entry-content-wrap\">\n\t\t\t<header class=\"entry-header\">\n\t<h2 class=\"entry-title\"><a href=\"https:\/\/entresemillas.com\/blog\/que-son-las-semillas-editadas-con-crispr-la-nueva-revolucion-genetica-que-ya-avanza-en-europa\/\" rel=\"bookmark\">\u00bfQu\u00e9 son las semillas editadas con CRISPR? La nueva revoluci\u00f3n gen\u00e9tica que ya avanza en Europa<\/a><\/h2>\t<div class=\"entry-meta entry-meta-divider-dot\">\n\t\t\t\t<span class=\"posted-on\">\n\t\t\t\t<time class=\"entry-date published\" datetime=\"2026-06-25T21:53:18+02:00\">25 junio, 2026<\/time><time class=\"updated\" datetime=\"2026-06-25T21:54:58+02:00\">25 junio, 2026<\/time>\t\t\t<\/span>\n\t\t\t\t<\/div><!-- .entry-meta -->\n\t<\/header><!-- .entry-header -->\n\t<div class=\"entry-summary\">\n\t\t<p>En junio de 2026, el Parlamento Europeo aprob\u00f3 nuevas normas para facilitar el desarrollo de plantas obtenidas mediante Nuevas T\u00e9cnicas [&hellip;]<\/p>\n\t<\/div><!-- .entry-summary -->\n\t<footer class=\"entry-footer\">\n\t<\/footer><!-- .entry-footer -->\t\t<\/div>\n\t<\/article>\n<\/li>\n<li class=\"kb-post-list-item\">\n\t<article class=\"entry content-bg loop-entry post-4472 post type-post status-publish format-standard has-post-thumbnail hentry category-guias-de-siembra-y-cultivo\">\n\t\t\t\t<a aria-hidden=\"true\" tabindex=\"-1\" role=\"presentation\" class=\"post-thumbnail kadence-thumbnail-ratio-1-1\" href=\"https:\/\/entresemillas.com\/blog\/como-cultivar-equinaceas-desde-semilla-paso-a-paso\/\" aria-label=\"C\u00f3mo cultivar equin\u00e1ceas desde semilla paso a paso\">\n\t\t\t<div class=\"post-thumbnail-inner\">\n\t\t\t\t<img loading=\"lazy\" decoding=\"async\" width=\"768\" height=\"768\" src=\"https:\/\/entresemillas.com\/blog\/wp-content\/uploads\/2026\/06\/guia-siembra-echinacea-desde-semillas-768x768.jpg\" class=\"attachment-medium_large size-medium_large wp-post-image\" alt=\"c\u00f3mo sembrar semillas de echinacea\" srcset=\"https:\/\/entresemillas.com\/blog\/wp-content\/uploads\/2026\/06\/guia-siembra-echinacea-desde-semillas-768x768.jpg 768w, https:\/\/entresemillas.com\/blog\/wp-content\/uploads\/2026\/06\/guia-siembra-echinacea-desde-semillas-300x300.jpg 300w, https:\/\/entresemillas.com\/blog\/wp-content\/uploads\/2026\/06\/guia-siembra-echinacea-desde-semillas-150x150.jpg 150w, https:\/\/entresemillas.com\/blog\/wp-content\/uploads\/2026\/06\/guia-siembra-echinacea-desde-semillas.jpg 1000w\" sizes=\"auto, (max-width: 768px) 100vw, 768px\" \/>\t\t\t<\/div>\n\t\t<\/a><!-- .post-thumbnail -->\n\t\t\t\t<div class=\"entry-content-wrap\">\n\t\t\t<header class=\"entry-header\">\n\t<h2 class=\"entry-title\"><a href=\"https:\/\/entresemillas.com\/blog\/como-cultivar-equinaceas-desde-semilla-paso-a-paso\/\" rel=\"bookmark\">C\u00f3mo cultivar equin\u00e1ceas desde semilla paso a paso<\/a><\/h2>\t<div class=\"entry-meta entry-meta-divider-dot\">\n\t\t\t\t<span class=\"posted-on\">\n\t\t\t\t<time class=\"entry-date published\" datetime=\"2026-06-24T19:33:25+02:00\">24 junio, 2026<\/time><time class=\"updated\" datetime=\"2026-06-24T19:39:55+02:00\">24 junio, 2026<\/time>\t\t\t<\/span>\n\t\t\t\t<\/div><!-- .entry-meta -->\n\t<\/header><!-- .entry-header -->\n\t<div class=\"entry-summary\">\n\t\t<p>Las equin\u00e1ceas (Echinacea spp.) son plantas herb\u00e1ceas perennes muy apreciadas por su larga floraci\u00f3n, su resistencia y su capacidad para [&hellip;]<\/p>\n\t<\/div><!-- .entry-summary -->\n\t<footer class=\"entry-footer\">\n\t<\/footer><!-- .entry-footer -->\t\t<\/div>\n\t<\/article>\n<\/li>\n<li class=\"kb-post-list-item\">\n\t<article class=\"entry content-bg loop-entry post-4462 post type-post status-publish format-standard has-post-thumbnail hentry category-uncategorized\">\n\t\t\t\t<a aria-hidden=\"true\" tabindex=\"-1\" role=\"presentation\" class=\"post-thumbnail kadence-thumbnail-ratio-1-1\" href=\"https:\/\/entresemillas.com\/blog\/la-tecnica-que-hace-germinar-semillas-de-fresno-en-una-semana-y-podria-ayudar-a-salvar-millones-de-arboles\/\" aria-label=\"La t\u00e9cnica que hace germinar semillas de fresno en una semana y podr\u00eda ayudar a salvar millones de \u00e1rboles\">\n\t\t\t<div class=\"post-thumbnail-inner\">\n\t\t\t\t<img loading=\"lazy\" decoding=\"async\" width=\"768\" height=\"768\" src=\"https:\/\/entresemillas.com\/blog\/wp-content\/uploads\/2026\/06\/fraxinus-768x768.jpg\" class=\"attachment-medium_large size-medium_large wp-post-image\" alt=\"germinar fraxinus m\u00e1s rapido\" srcset=\"https:\/\/entresemillas.com\/blog\/wp-content\/uploads\/2026\/06\/fraxinus-768x768.jpg 768w, https:\/\/entresemillas.com\/blog\/wp-content\/uploads\/2026\/06\/fraxinus-300x300.jpg 300w, https:\/\/entresemillas.com\/blog\/wp-content\/uploads\/2026\/06\/fraxinus-150x150.jpg 150w, https:\/\/entresemillas.com\/blog\/wp-content\/uploads\/2026\/06\/fraxinus.jpg 1000w\" sizes=\"auto, (max-width: 768px) 100vw, 768px\" \/>\t\t\t<\/div>\n\t\t<\/a><!-- .post-thumbnail -->\n\t\t\t\t<div class=\"entry-content-wrap\">\n\t\t\t<header class=\"entry-header\">\n\t<h2 class=\"entry-title\"><a href=\"https:\/\/entresemillas.com\/blog\/la-tecnica-que-hace-germinar-semillas-de-fresno-en-una-semana-y-podria-ayudar-a-salvar-millones-de-arboles\/\" rel=\"bookmark\">La t\u00e9cnica que hace germinar semillas de fresno en una semana y podr\u00eda ayudar a salvar millones de \u00e1rboles<\/a><\/h2>\t<div class=\"entry-meta entry-meta-divider-dot\">\n\t\t\t\t<span class=\"posted-on\">\n\t\t\t\t<time class=\"entry-date published updated\" datetime=\"2026-06-09T12:53:56+02:00\">9 junio, 2026<\/time>\t\t\t<\/span>\n\t\t\t\t<\/div><!-- .entry-meta -->\n\t<\/header><!-- .entry-header -->\n\t<div class=\"entry-summary\">\n\t\t<p>Algunas semillas germinan en pocos d\u00edas. Otras necesitan semanas. Pero las semillas del fresno europeo (Fraxinus excelsior) juegan en otra [&hellip;]<\/p>\n\t<\/div><!-- .entry-summary -->\n\t<footer class=\"entry-footer\">\n\t<\/footer><!-- .entry-footer -->\t\t<\/div>\n\t<\/article>\n<\/li>\n<li class=\"kb-post-list-item\">\n\t<article class=\"entry content-bg loop-entry post-4452 post type-post status-publish format-standard has-post-thumbnail hentry category-guias-de-siembra-y-cultivo\">\n\t\t\t\t<a aria-hidden=\"true\" tabindex=\"-1\" role=\"presentation\" class=\"post-thumbnail kadence-thumbnail-ratio-1-1\" href=\"https:\/\/entresemillas.com\/blog\/como-cultivar-cilantro-desde-semilla-paso-a-paso\/\" aria-label=\"C\u00f3mo cultivar cilantro desde semilla paso a paso\">\n\t\t\t<div class=\"post-thumbnail-inner\">\n\t\t\t\t<img loading=\"lazy\" decoding=\"async\" width=\"768\" height=\"768\" src=\"https:\/\/entresemillas.com\/blog\/wp-content\/uploads\/2026\/06\/guia-siembra-cilantro-768x768.jpg\" class=\"attachment-medium_large size-medium_large wp-post-image\" alt=\"guia de siembra cilantro\" srcset=\"https:\/\/entresemillas.com\/blog\/wp-content\/uploads\/2026\/06\/guia-siembra-cilantro-768x768.jpg 768w, https:\/\/entresemillas.com\/blog\/wp-content\/uploads\/2026\/06\/guia-siembra-cilantro-300x300.jpg 300w, https:\/\/entresemillas.com\/blog\/wp-content\/uploads\/2026\/06\/guia-siembra-cilantro-150x150.jpg 150w, https:\/\/entresemillas.com\/blog\/wp-content\/uploads\/2026\/06\/guia-siembra-cilantro.jpg 1000w\" sizes=\"auto, (max-width: 768px) 100vw, 768px\" \/>\t\t\t<\/div>\n\t\t<\/a><!-- .post-thumbnail -->\n\t\t\t\t<div class=\"entry-content-wrap\">\n\t\t\t<header class=\"entry-header\">\n\t<h2 class=\"entry-title\"><a href=\"https:\/\/entresemillas.com\/blog\/como-cultivar-cilantro-desde-semilla-paso-a-paso\/\" rel=\"bookmark\">C\u00f3mo cultivar cilantro desde semilla paso a paso<\/a><\/h2>\t<div class=\"entry-meta entry-meta-divider-dot\">\n\t\t\t\t<span class=\"posted-on\">\n\t\t\t\t<time class=\"entry-date published\" datetime=\"2026-06-05T12:43:09+02:00\">5 junio, 2026<\/time><time class=\"updated\" datetime=\"2026-06-24T19:39:49+02:00\">24 junio, 2026<\/time>\t\t\t<\/span>\n\t\t\t\t<\/div><!-- .entry-meta -->\n\t<\/header><!-- .entry-header -->\n\t<div class=\"entry-summary\">\n\t\t<p>Aprende c\u00f3mo cultivar cilantro desde semilla: siembra, germinaci\u00f3n, riego, suelo, cuidados, plagas, cosecha y d\u00f3nde comprar semillas de cilantro.<\/p>\n\t<\/div><!-- .entry-summary -->\n\t<footer class=\"entry-footer\">\n\t<\/footer><!-- .entry-footer -->\t\t<\/div>\n\t<\/article>\n<\/li>\n<\/ul>\n\n<style>.wp-block-kadence-advancedbtn.kb-btns4007_6bfae5-cb{gap:var(--global-kb-gap-xs, 0.5rem );justify-content:center;align-items:center;}.kt-btns4007_6bfae5-cb .kt-button{font-weight:normal;font-style:normal;}.kt-btns4007_6bfae5-cb .kt-btn-wrap-0{margin-right:5px;}.wp-block-kadence-advancedbtn.kt-btns4007_6bfae5-cb .kt-btn-wrap-0 .kt-button{color:#555555;border-color:#555555;}.wp-block-kadence-advancedbtn.kt-btns4007_6bfae5-cb .kt-btn-wrap-0 .kt-button:hover, .wp-block-kadence-advancedbtn.kt-btns4007_6bfae5-cb .kt-btn-wrap-0 .kt-button:focus{color:#ffffff;border-color:#444444;}.wp-block-kadence-advancedbtn.kt-btns4007_6bfae5-cb .kt-btn-wrap-0 .kt-button::before{display:none;}.wp-block-kadence-advancedbtn.kt-btns4007_6bfae5-cb .kt-btn-wrap-0 .kt-button:hover, .wp-block-kadence-advancedbtn.kt-btns4007_6bfae5-cb .kt-btn-wrap-0 .kt-button:focus{background:#444444;}<\/style>\n<div class=\"wp-block-kadence-advancedbtn kb-buttons-wrap kb-btns4007_6bfae5-cb\"><style>ul.menu .wp-block-kadence-advancedbtn .kb-btn4007_b3f725-ff.kb-button{width:initial;}<\/style><a class=\"kb-button kt-button button kb-btn4007_b3f725-ff kt-btn-size-large kt-btn-width-type-auto kb-btn-global-inherit kt-btn-has-text-true kt-btn-has-svg-false wp-block-button__link wp-block-kadence-singlebtn\" href=\"https:\/\/entresemillas.com\/blog\/blog\/page\/2\/\"><span class=\"kt-btn-inner-text\">Ver todas las entradas<\/span><\/a><\/div>\n\n\n\n<p class=\"wp-block-paragraph\"><\/p>\n","protected":false},"excerpt":{"rendered":"","protected":false},"author":1,"featured_media":0,"parent":0,"menu_order":0,"comment_status":"closed","ping_status":"closed","template":"","meta":{"site-sidebar-layout":"no-sidebar","site-content-layout":"","ast-site-content-layout":"default","site-content-style":"default","site-sidebar-style":"default","ast-global-header-display":"","ast-banner-title-visibility":"","ast-main-header-display":"","ast-hfb-above-header-display":"","ast-hfb-below-header-display":"","ast-hfb-mobile-header-display":"","site-post-title":"disabled","ast-breadcrumbs-content":"","ast-featured-img":"","footer-sml-layout":"","ast-disable-related-posts":"","theme-transparent-header-meta":"","adv-header-id-meta":"","stick-header-meta":"","header-above-stick-meta":"","header-main-stick-meta":"","header-below-stick-meta":"","astra-migrate-meta-layouts":"default","ast-page-background-enabled":"default","ast-page-background-meta":{"desktop":{"background-color":"var(--ast-global-color-5)","background-image":"","background-repeat":"repeat","background-position":"center center","background-size":"auto","background-attachment":"scroll","background-type":"","background-media":"","overlay-type":"","overlay-color":"","overlay-opacity":"","overlay-gradient":""},"tablet":{"background-color":"","background-image":"","background-repeat":"repeat","background-position":"center center","background-size":"auto","background-attachment":"scroll","background-type":"","background-media":"","overlay-type":"","overlay-color":"","overlay-opacity":"","overlay-gradient":""},"mobile":{"background-color":"","background-image":"","background-repeat":"repeat","background-position":"center center","background-size":"auto","background-attachment":"scroll","background-type":"","background-media":"","overlay-type":"","overlay-color":"","overlay-opacity":"","overlay-gradient":""}},"ast-content-background-meta":{"desktop":{"background-color":"var(--ast-global-color-4)","background-image":"","background-repeat":"repeat","background-position":"center center","background-size":"auto","background-attachment":"scroll","background-type":"","background-media":"","overlay-type":"","overlay-color":"","overlay-opacity":"","overlay-gradient":""},"tablet":{"background-color":"var(--ast-global-color-4)","background-image":"","background-repeat":"repeat","background-position":"center center","background-size":"auto","background-attachment":"scroll","background-type":"","background-media":"","overlay-type":"","overlay-color":"","overlay-opacity":"","overlay-gradient":""},"mobile":{"background-color":"var(--ast-global-color-4)","background-image":"","background-repeat":"repeat","background-position":"center center","background-size":"auto","background-attachment":"scroll","background-type":"","background-media":"","overlay-type":"","overlay-color":"","overlay-opacity":"","overlay-gradient":""}},"footnotes":""},"class_list":["post-4007","page","type-page","status-publish","hentry"],"yoast_head":"<!-- This site is optimized with the Yoast SEO plugin v27.7 - https:\/\/yoast.com\/product\/yoast-seo-wordpress\/ -->\n<title>Blog EntreSemillas | Blog EntreSemillas<\/title>\n<meta name=\"robots\" content=\"index, follow, max-snippet:-1, max-image-preview:large, max-video-preview:-1\" \/>\n<link rel=\"canonical\" href=\"https:\/\/entresemillas.com\/blog\/\" \/>\n<meta property=\"og:locale\" content=\"es_ES\" \/>\n<meta property=\"og:type\" content=\"article\" \/>\n<meta property=\"og:title\" content=\"Blog EntreSemillas | Blog EntreSemillas\" \/>\n<meta property=\"og:url\" content=\"https:\/\/entresemillas.com\/blog\/\" \/>\n<meta property=\"og:site_name\" content=\"Blog EntreSemillas\" \/>\n<meta property=\"article:publisher\" content=\"https:\/\/www.facebook.com\/Entresemillas\" \/>\n<meta property=\"article:modified_time\" content=\"2026-02-22T13:57:06+00:00\" \/>\n<meta name=\"twitter:card\" content=\"summary_large_image\" \/>\n<script type=\"application\/ld+json\" class=\"yoast-schema-graph\">{\"@context\":\"https:\\\/\\\/schema.org\",\"@graph\":[{\"@type\":\"WebPage\",\"@id\":\"https:\\\/\\\/entresemillas.com\\\/blog\\\/\",\"url\":\"https:\\\/\\\/entresemillas.com\\\/blog\\\/\",\"name\":\"Blog EntreSemillas | Blog EntreSemillas\",\"isPartOf\":{\"@id\":\"https:\\\/\\\/entresemillas.com\\\/blog\\\/#website\"},\"datePublished\":\"2026-02-05T16:39:27+00:00\",\"dateModified\":\"2026-02-22T13:57:06+00:00\",\"breadcrumb\":{\"@id\":\"https:\\\/\\\/entresemillas.com\\\/blog\\\/#breadcrumb\"},\"inLanguage\":\"es\",\"potentialAction\":[{\"@type\":\"ReadAction\",\"target\":[\"https:\\\/\\\/entresemillas.com\\\/blog\\\/\"]}]},{\"@type\":\"BreadcrumbList\",\"@id\":\"https:\\\/\\\/entresemillas.com\\\/blog\\\/#breadcrumb\",\"itemListElement\":[{\"@type\":\"ListItem\",\"position\":1,\"name\":\"Blog\",\"item\":\"https:\\\/\\\/entresemillas.com\\\/blog\\\/\"},{\"@type\":\"ListItem\",\"position\":2,\"name\":\"Blog EntreSemillas\"}]},{\"@type\":\"WebSite\",\"@id\":\"https:\\\/\\\/entresemillas.com\\\/blog\\\/#website\",\"url\":\"https:\\\/\\\/entresemillas.com\\\/blog\\\/\",\"name\":\"Blog EntreSemillas\",\"description\":\"Blog de plantas y semillas ex\u00f3ticas, tropicales, raras\",\"publisher\":{\"@id\":\"https:\\\/\\\/entresemillas.com\\\/blog\\\/#organization\"},\"potentialAction\":[{\"@type\":\"SearchAction\",\"target\":{\"@type\":\"EntryPoint\",\"urlTemplate\":\"https:\\\/\\\/entresemillas.com\\\/blog\\\/?s={search_term_string}\"},\"query-input\":{\"@type\":\"PropertyValueSpecification\",\"valueRequired\":true,\"valueName\":\"search_term_string\"}}],\"inLanguage\":\"es\"},{\"@type\":\"Organization\",\"@id\":\"https:\\\/\\\/entresemillas.com\\\/blog\\\/#organization\",\"name\":\"EntreSemillas\",\"url\":\"https:\\\/\\\/entresemillas.com\\\/blog\\\/\",\"logo\":{\"@type\":\"ImageObject\",\"inLanguage\":\"es\",\"@id\":\"https:\\\/\\\/entresemillas.com\\\/blog\\\/#\\\/schema\\\/logo\\\/image\\\/\",\"url\":\"https:\\\/\\\/entresemillas.com\\\/blog\\\/wp-content\\\/uploads\\\/2026\\\/06\\\/logo-entresemillas.png\",\"contentUrl\":\"https:\\\/\\\/entresemillas.com\\\/blog\\\/wp-content\\\/uploads\\\/2026\\\/06\\\/logo-entresemillas.png\",\"width\":261,\"height\":42,\"caption\":\"EntreSemillas\"},\"image\":{\"@id\":\"https:\\\/\\\/entresemillas.com\\\/blog\\\/#\\\/schema\\\/logo\\\/image\\\/\"},\"sameAs\":[\"https:\\\/\\\/www.facebook.com\\\/Entresemillas\",\"https:\\\/\\\/www.instagram.com\\\/entresemillas\\\/\",\"https:\\\/\\\/www.pinterest.es\\\/entresemillas\\\/\",\"https:\\\/\\\/www.youtube.com\\\/@EntreSemillas\"]}]}<\/script>\n<!-- \/ Yoast SEO plugin. -->","yoast_head_json":{"title":"Blog EntreSemillas | Blog EntreSemillas","robots":{"index":"index","follow":"follow","max-snippet":"max-snippet:-1","max-image-preview":"max-image-preview:large","max-video-preview":"max-video-preview:-1"},"canonical":"https:\/\/entresemillas.com\/blog\/","og_locale":"es_ES","og_type":"article","og_title":"Blog EntreSemillas | Blog EntreSemillas","og_url":"https:\/\/entresemillas.com\/blog\/","og_site_name":"Blog EntreSemillas","article_publisher":"https:\/\/www.facebook.com\/Entresemillas","article_modified_time":"2026-02-22T13:57:06+00:00","twitter_card":"summary_large_image","schema":{"@context":"https:\/\/schema.org","@graph":[{"@type":"WebPage","@id":"https:\/\/entresemillas.com\/blog\/","url":"https:\/\/entresemillas.com\/blog\/","name":"Blog EntreSemillas | Blog EntreSemillas","isPartOf":{"@id":"https:\/\/entresemillas.com\/blog\/#website"},"datePublished":"2026-02-05T16:39:27+00:00","dateModified":"2026-02-22T13:57:06+00:00","breadcrumb":{"@id":"https:\/\/entresemillas.com\/blog\/#breadcrumb"},"inLanguage":"es","potentialAction":[{"@type":"ReadAction","target":["https:\/\/entresemillas.com\/blog\/"]}]},{"@type":"BreadcrumbList","@id":"https:\/\/entresemillas.com\/blog\/#breadcrumb","itemListElement":[{"@type":"ListItem","position":1,"name":"Blog","item":"https:\/\/entresemillas.com\/blog\/"},{"@type":"ListItem","position":2,"name":"Blog EntreSemillas"}]},{"@type":"WebSite","@id":"https:\/\/entresemillas.com\/blog\/#website","url":"https:\/\/entresemillas.com\/blog\/","name":"Blog EntreSemillas","description":"Blog de plantas y semillas ex\u00f3ticas, tropicales, raras","publisher":{"@id":"https:\/\/entresemillas.com\/blog\/#organization"},"potentialAction":[{"@type":"SearchAction","target":{"@type":"EntryPoint","urlTemplate":"https:\/\/entresemillas.com\/blog\/?s={search_term_string}"},"query-input":{"@type":"PropertyValueSpecification","valueRequired":true,"valueName":"search_term_string"}}],"inLanguage":"es"},{"@type":"Organization","@id":"https:\/\/entresemillas.com\/blog\/#organization","name":"EntreSemillas","url":"https:\/\/entresemillas.com\/blog\/","logo":{"@type":"ImageObject","inLanguage":"es","@id":"https:\/\/entresemillas.com\/blog\/#\/schema\/logo\/image\/","url":"https:\/\/entresemillas.com\/blog\/wp-content\/uploads\/2026\/06\/logo-entresemillas.png","contentUrl":"https:\/\/entresemillas.com\/blog\/wp-content\/uploads\/2026\/06\/logo-entresemillas.png","width":261,"height":42,"caption":"EntreSemillas"},"image":{"@id":"https:\/\/entresemillas.com\/blog\/#\/schema\/logo\/image\/"},"sameAs":["https:\/\/www.facebook.com\/Entresemillas","https:\/\/www.instagram.com\/entresemillas\/","https:\/\/www.pinterest.es\/entresemillas\/","https:\/\/www.youtube.com\/@EntreSemillas"]}]}},"_links":{"self":[{"href":"https:\/\/entresemillas.com\/blog\/wp-json\/wp\/v2\/pages\/4007","targetHints":{"allow":["GET"]}}],"collection":[{"href":"https:\/\/entresemillas.com\/blog\/wp-json\/wp\/v2\/pages"}],"about":[{"href":"https:\/\/entresemillas.com\/blog\/wp-json\/wp\/v2\/types\/page"}],"author":[{"embeddable":true,"href":"https:\/\/entresemillas.com\/blog\/wp-json\/wp\/v2\/users\/1"}],"replies":[{"embeddable":true,"href":"https:\/\/entresemillas.com\/blog\/wp-json\/wp\/v2\/comments?post=4007"}],"version-history":[{"count":10,"href":"https:\/\/entresemillas.com\/blog\/wp-json\/wp\/v2\/pages\/4007\/revisions"}],"predecessor-version":[{"id":4278,"href":"https:\/\/entresemillas.com\/blog\/wp-json\/wp\/v2\/pages\/4007\/revisions\/4278"}],"wp:attachment":[{"href":"https:\/\/entresemillas.com\/blog\/wp-json\/wp\/v2\/media?parent=4007"}],"curies":[{"name":"wp","href":"https:\/\/api.w.org\/{rel}","templated":true}]}}